{"id":51,"date":"2022-05-18T21:53:47","date_gmt":"2022-05-18T21:53:47","guid":{"rendered":"http:\/\/194.163.143.247\/?page_id=51"},"modified":"2022-10-27T14:58:17","modified_gmt":"2022-10-27T14:58:17","slug":"primaria-2","status":"publish","type":"page","link":"https:\/\/escuelasantalucia.edu.ar\/index.php\/primaria-2\/","title":{"rendered":"Primaria"},"content":{"rendered":"\n<h2 class=\"wp-block-heading\">EQUIPO DIRECTIVO<\/h2>\n\n\n\n<ul class=\"wp-block-list\"><li><strong>Directora Fern\u00e1ndez Valeria<\/strong><\/li><li><strong>Vicedirectora Sosa Erika<\/strong><\/li><li><strong>Secretaria Mart\u00ednez Guida Vanesa<\/strong><\/li><li><strong>Secretaria Mi\u00f1o Silvana<\/strong><\/li><\/ul>\n\n\n\n<p><strong><em>Horarios de atenci\u00f3n equipo directivo<\/em><\/strong>:<\/p>\n\n\n\n<p class=\"has-text-align-center\">                                                <strong>Lunes, martes, jueves y viernes de 8:10hs a 11hs y de 13:10hs a 16hs<\/strong><\/p>\n\n\n\n<p><strong><em>Horarios de atenci\u00f3n primaria<\/em><\/strong>:<\/p>\n\n\n\n<p class=\"has-text-align-center\">                                                 <strong>De lunes a viernes de 8:30hs a 11hs y de 14hs a 16hs<\/strong><\/p>\n\n\n\n<hr class=\"wp-block-separator has-alpha-channel-opacity\"\/>\n\n\n\n<h2 class=\"wp-block-heading\">Infraestructura<\/h2>\n\n\n\n<figure class=\"wp-block-gallery has-nested-images columns-default is-cropped wp-block-gallery-1 is-layout-flex wp-block-gallery-is-layout-flex\">\n<figure class=\"wp-block-image size-large\"><img fetchpriority=\"high\" decoding=\"async\" width=\"1280\" height=\"853\" data-id=\"495\" src=\"http:\/\/194.163.143.247\/wp-content\/uploads\/2022\/06\/WhatsApp-Image-2022-06-02-at-11.54.10-AM-1.jpeg\" alt=\"\" class=\"wp-image-495\" srcset=\"https:\/\/escuelasantalucia.edu.ar\/wp-content\/uploads\/2022\/06\/WhatsApp-Image-2022-06-02-at-11.54.10-AM-1.jpeg 1280w, https:\/\/escuelasantalucia.edu.ar\/wp-content\/uploads\/2022\/06\/WhatsApp-Image-2022-06-02-at-11.54.10-AM-1-300x200.jpeg 300w, https:\/\/escuelasantalucia.edu.ar\/wp-content\/uploads\/2022\/06\/WhatsApp-Image-2022-06-02-at-11.54.10-AM-1-1024x682.jpeg 1024w, https:\/\/escuelasantalucia.edu.ar\/wp-content\/uploads\/2022\/06\/WhatsApp-Image-2022-06-02-at-11.54.10-AM-1-768x512.jpeg 768w\" sizes=\"(max-width: 1280px) 100vw, 1280px\" \/><\/figure>\n\n\n\n<figure class=\"wp-block-image size-large\"><img decoding=\"async\" width=\"1024\" height=\"682\" data-id=\"493\" src=\"http:\/\/194.163.143.247\/wp-content\/uploads\/2022\/06\/Primaria2-1024x682.jpeg\" alt=\"\" class=\"wp-image-493\" srcset=\"https:\/\/escuelasantalucia.edu.ar\/wp-content\/uploads\/2022\/06\/Primaria2-1024x682.jpeg 1024w, https:\/\/escuelasantalucia.edu.ar\/wp-content\/uploads\/2022\/06\/Primaria2-300x200.jpeg 300w, https:\/\/escuelasantalucia.edu.ar\/wp-content\/uploads\/2022\/06\/Primaria2-768x512.jpeg 768w, https:\/\/escuelasantalucia.edu.ar\/wp-content\/uploads\/2022\/06\/Primaria2.jpeg 1280w\" sizes=\"(max-width: 1024px) 100vw, 1024px\" \/><\/figure>\n\n\n\n<figure class=\"wp-block-image size-large\"><img decoding=\"async\" width=\"1280\" height=\"853\" data-id=\"492\" src=\"http:\/\/194.163.143.247\/wp-content\/uploads\/2022\/06\/Primaria.jpeg\" alt=\"\" class=\"wp-image-492\" srcset=\"https:\/\/escuelasantalucia.edu.ar\/wp-content\/uploads\/2022\/06\/Primaria.jpeg 1280w, https:\/\/escuelasantalucia.edu.ar\/wp-content\/uploads\/2022\/06\/Primaria-300x200.jpeg 300w, https:\/\/escuelasantalucia.edu.ar\/wp-content\/uploads\/2022\/06\/Primaria-1024x682.jpeg 1024w, https:\/\/escuelasantalucia.edu.ar\/wp-content\/uploads\/2022\/06\/Primaria-768x512.jpeg 768w\" sizes=\"(max-width: 1280px) 100vw, 1280px\" \/><\/figure>\n\n\n\n<figure class=\"wp-block-image size-large\"><img loading=\"lazy\" decoding=\"async\" width=\"1280\" height=\"866\" data-id=\"494\" src=\"http:\/\/194.163.143.247\/wp-content\/uploads\/2022\/06\/Secundaria.jpeg\" alt=\"\" class=\"wp-image-494\" srcset=\"https:\/\/escuelasantalucia.edu.ar\/wp-content\/uploads\/2022\/06\/Secundaria.jpeg 1280w, https:\/\/escuelasantalucia.edu.ar\/wp-content\/uploads\/2022\/06\/Secundaria-300x203.jpeg 300w, https:\/\/escuelasantalucia.edu.ar\/wp-content\/uploads\/2022\/06\/Secundaria-1024x693.jpeg 1024w, https:\/\/escuelasantalucia.edu.ar\/wp-content\/uploads\/2022\/06\/Secundaria-768x520.jpeg 768w\" sizes=\"(max-width: 1280px) 100vw, 1280px\" \/><\/figure>\n<\/figure>\n\n\n\n<hr class=\"wp-block-separator has-alpha-channel-opacity\"\/>\n\n\n\n<figure class=\"wp-block-video\"><video controls src=\"https:\/\/escuelasantalucia.edu.ar\/wp-content\/uploads\/2022\/06\/Video-Presentacion-Escuela-Santa-Lucia.mp4\"><\/video><\/figure>\n\n\n\n<p><strong><em>Educar es una misi\u00f3n m\u00e1s amplia que la escolarizaci\u00f3n, formar m\u00e1s que instruir es ir ofreciendo poco a poco la autoeducaci\u00f3n a trav\u00e9s de una pedagog\u00eda cr\u00edtica, participativa y liberadora.<\/em><\/strong><\/p>\n\n\n\n<p>Lo que es m\u00e1s bello en la vida, es rememorar la trayectoria de sue\u00f1os que se han hecho realidad y llevar a la generaci\u00f3n de los m\u00e1s j\u00f3venes a que entienda que en esa vida hay que batallar para que esos sue\u00f1os se concreten. La Escuela Santa Lucia, al cumplir 25 a\u00f1os de caminata es una prueba real de que cuando se lanzan buenas semillas y se cuida del suelo, los frutos van surgiendo.<\/p>\n\n\n\n<p>Son 30 a\u00f1os de conquistas, victorias, construcci\u00f3n, evaluaci\u00f3n, persistencia, cuestionamientos, pero sobre todo de lucha atravesando el mar rojo y Dios siempre al frente de nuestra escuela y de nuestras vidas separando las aguas para que podamos vencer con humildad los desaf\u00edos, mostrando caminos, protegi\u00e9ndonos, bendici\u00e9ndonos, dando salud, esperanza y liber\u00e1ndonos, en los peligros y las trampas del enemigo.<\/p>\n\n\n\n<p>30 a\u00f1os&#8230; \u00bfDisculpas? No hay quien nunca las deba pedir. Equivocaciones, para muchos, es sin\u00f3nimo de errores. Pero aqu\u00ed en Santa Lucia equivocarse, significa actuar de manera diferente de la esperada y el aparente fracaso una puerta abierta para, nuevas experiencias.<\/p>\n\n\n\n<p>30 a\u00f1os&#8230; \u00bfAgradecimientos? Muchos. Por la convivencia, por los amigos, por los aciertos, y encuentros y descubrimientos.<\/p>\n\n\n\n<p>Lo que hicimos en estos 30 a\u00f1os fue: PERMITIR, PROMOVER, DESPERTAR, CONCIENTIZAR, CONFRONTAR, SER, CONVIVIR, APRENDER Y SOBRETODO educar\u2026<\/p>\n\n\n\n<p>Ayer\u2026. Trazamos una meta, enfrentamos desaf\u00edos. El pasado nada m\u00e1s es que&nbsp; un recuerdo y el futuro nada m\u00e1s, una expectativa. Las dos cosas tienen una realidad presente. VIVIR EL PASADO ES DAR SIGNIFICADO A NUESTROS RECUERDOS. Es lo que estamos celebrando en este exacto momento.<\/p>\n\n\n\n<p>\u00bfEl futuro? \u00bfQue sabemos del futuro? Absolutamente nada. Solo a Dios pertenece, pero sabemos que el futuro se fundamenta en el significado presente que damos a nuestras expectativas y es la forma m\u00e1s autentica de existir.<\/p>\n\n\n\n<p>\u00bfExpectativas? Muchas\u2026. Direccionar la educaci\u00f3n a un modo nuevo de vivir la vida, crear cultura, alimentar sue\u00f1os de hacer historias y sobre todo&nbsp; ser felices.<\/p>\n\n\n\n<hr class=\"wp-block-separator has-alpha-channel-opacity\"\/>\n\n\n\n<h2 class=\"wp-block-heading\">PROPUESTA PEDAGOGICA<\/h2>\n\n\n\n<p>Al mantener el car\u00e1cter activo del aprendizaje dentro de un contexto significativo para el estudiante, prevalece el car\u00e1cter l\u00fadico, que estimula la curiosidad y los descubrimientos, expande, la construcci\u00f3n del conocimiento a trav\u00e9s de juegos, actividades integradas, investigaci\u00f3n, proyectos, uso de la tecnolog\u00eda, estudios del medio ambiente. El contenido se selecciona con el fin de posibilitar la implicaci\u00f3n del alumno, a partir del significado, contextualizaci\u00f3n y desarrollo de competencias b\u00e1sicas, adquiriendo la sistematizaci\u00f3n necesaria para el fortalecimiento del conocimiento cient\u00edfico. Su objetivo es desarrollar habilidades cognitivas, f\u00edsicas, afectivas, espirituales, interpersonales y sociales, \u00e9ticas y est\u00e9ticas, con miras a una amplia formaci\u00f3n.<\/p>\n\n\n\n<hr class=\"wp-block-separator has-alpha-channel-opacity\"\/>\n\n\n\n<h1 class=\"wp-block-heading\">Uniforme<\/h1>\n\n\n\n<h4 class=\"wp-block-heading\">Normas utilizadas para los &nbsp;uniformes<\/h4>\n\n\n\n<p>El uso del uniforme es obligatorio para todos los estudiantes incluidos las clases de educaci\u00f3n f\u00edsica. En las instalaciones del Colegio no se permitir\u00e1 el uso de accesorios como gorras, sombreros. No se puede usar ninguna otra ropa que no pertenezca al uniforme.<\/p>\n\n\n\n<p>Para evitar p\u00e9rdidas, le rogamos amablemente que marque, con el nombre y calificaci\u00f3n del alumno, cada pieza del uniforme, que debe estar siempre en buen estado y sin modificaciones y\/o innovaciones.<\/p>\n\n\n\n<hr class=\"wp-block-separator has-alpha-channel-opacity\"\/>\n\n\n\n<h4 class=\"wp-block-heading\">Empresas autorizadas a fabricar y vender uniformes de la Escuela.<\/h4>\n\n\n\n<p><em>DILO \u2013 Indumentaria masculina<\/em><\/p>\n\n\n\n<p>Direcci\u00f3n localidad de Merlo<\/p>\n\n\n\n<p>Av. Del libertador 349<\/p>\n\n\n\n<p>Av del libertador 462<\/p>\n\n\n\n<figure class=\"wp-block-gallery has-nested-images columns-default is-cropped wp-block-gallery-2 is-layout-flex wp-block-gallery-is-layout-flex\">\n<figure class=\"wp-block-image size-large\"><img loading=\"lazy\" decoding=\"async\" width=\"960\" height=\"1457\" data-id=\"590\" src=\"https:\/\/escuelasantalucia.edu.ar\/wp-content\/uploads\/2022\/10\/WhatsApp-Image-2022-10-25-at-19.33.39-3.jpeg\" alt=\"\" class=\"wp-image-590\" srcset=\"https:\/\/escuelasantalucia.edu.ar\/wp-content\/uploads\/2022\/10\/WhatsApp-Image-2022-10-25-at-19.33.39-3.jpeg 960w, https:\/\/escuelasantalucia.edu.ar\/wp-content\/uploads\/2022\/10\/WhatsApp-Image-2022-10-25-at-19.33.39-3-198x300.jpeg 198w, https:\/\/escuelasantalucia.edu.ar\/wp-content\/uploads\/2022\/10\/WhatsApp-Image-2022-10-25-at-19.33.39-3-675x1024.jpeg 675w, https:\/\/escuelasantalucia.edu.ar\/wp-content\/uploads\/2022\/10\/WhatsApp-Image-2022-10-25-at-19.33.39-3-768x1166.jpeg 768w\" sizes=\"(max-width: 960px) 100vw, 960px\" \/><\/figure>\n\n\n\n<figure class=\"wp-block-image size-large\"><img loading=\"lazy\" decoding=\"async\" width=\"864\" height=\"1093\" data-id=\"591\" src=\"https:\/\/escuelasantalucia.edu.ar\/wp-content\/uploads\/2022\/10\/WhatsApp-Image-2022-10-25-at-19.33.39.jpeg\" alt=\"\" class=\"wp-image-591\" srcset=\"https:\/\/escuelasantalucia.edu.ar\/wp-content\/uploads\/2022\/10\/WhatsApp-Image-2022-10-25-at-19.33.39.jpeg 864w, https:\/\/escuelasantalucia.edu.ar\/wp-content\/uploads\/2022\/10\/WhatsApp-Image-2022-10-25-at-19.33.39-237x300.jpeg 237w, https:\/\/escuelasantalucia.edu.ar\/wp-content\/uploads\/2022\/10\/WhatsApp-Image-2022-10-25-at-19.33.39-809x1024.jpeg 809w, https:\/\/escuelasantalucia.edu.ar\/wp-content\/uploads\/2022\/10\/WhatsApp-Image-2022-10-25-at-19.33.39-768x972.jpeg 768w\" sizes=\"(max-width: 864px) 100vw, 864px\" \/><\/figure>\n\n\n\n<figure class=\"wp-block-image size-large\"><img loading=\"lazy\" decoding=\"async\" width=\"738\" height=\"1257\" data-id=\"588\" src=\"https:\/\/escuelasantalucia.edu.ar\/wp-content\/uploads\/2022\/10\/WhatsApp-Image-2022-10-25-at-19.33.39-1.jpeg\" alt=\"\" class=\"wp-image-588\" srcset=\"https:\/\/escuelasantalucia.edu.ar\/wp-content\/uploads\/2022\/10\/WhatsApp-Image-2022-10-25-at-19.33.39-1.jpeg 738w, https:\/\/escuelasantalucia.edu.ar\/wp-content\/uploads\/2022\/10\/WhatsApp-Image-2022-10-25-at-19.33.39-1-176x300.jpeg 176w, https:\/\/escuelasantalucia.edu.ar\/wp-content\/uploads\/2022\/10\/WhatsApp-Image-2022-10-25-at-19.33.39-1-601x1024.jpeg 601w\" sizes=\"(max-width: 738px) 100vw, 738px\" \/><\/figure>\n\n\n\n<figure class=\"wp-block-image size-large\"><img loading=\"lazy\" decoding=\"async\" width=\"776\" height=\"1187\" data-id=\"589\" src=\"https:\/\/escuelasantalucia.edu.ar\/wp-content\/uploads\/2022\/10\/WhatsApp-Image-2022-10-25-at-19.33.39-2.jpeg\" alt=\"\" class=\"wp-image-589\" srcset=\"https:\/\/escuelasantalucia.edu.ar\/wp-content\/uploads\/2022\/10\/WhatsApp-Image-2022-10-25-at-19.33.39-2.jpeg 776w, https:\/\/escuelasantalucia.edu.ar\/wp-content\/uploads\/2022\/10\/WhatsApp-Image-2022-10-25-at-19.33.39-2-196x300.jpeg 196w, https:\/\/escuelasantalucia.edu.ar\/wp-content\/uploads\/2022\/10\/WhatsApp-Image-2022-10-25-at-19.33.39-2-669x1024.jpeg 669w, https:\/\/escuelasantalucia.edu.ar\/wp-content\/uploads\/2022\/10\/WhatsApp-Image-2022-10-25-at-19.33.39-2-768x1175.jpeg 768w\" sizes=\"(max-width: 776px) 100vw, 776px\" \/><\/figure>\n\n\n\n<figure class=\"wp-block-image size-large\"><img loading=\"lazy\" decoding=\"async\" width=\"989\" height=\"1275\" data-id=\"586\" src=\"https:\/\/escuelasantalucia.edu.ar\/wp-content\/uploads\/2022\/10\/WhatsApp-Image-2022-10-25-at-19.33.39-4.jpeg\" alt=\"\" class=\"wp-image-586\" srcset=\"https:\/\/escuelasantalucia.edu.ar\/wp-content\/uploads\/2022\/10\/WhatsApp-Image-2022-10-25-at-19.33.39-4.jpeg 989w, https:\/\/escuelasantalucia.edu.ar\/wp-content\/uploads\/2022\/10\/WhatsApp-Image-2022-10-25-at-19.33.39-4-233x300.jpeg 233w, https:\/\/escuelasantalucia.edu.ar\/wp-content\/uploads\/2022\/10\/WhatsApp-Image-2022-10-25-at-19.33.39-4-794x1024.jpeg 794w, https:\/\/escuelasantalucia.edu.ar\/wp-content\/uploads\/2022\/10\/WhatsApp-Image-2022-10-25-at-19.33.39-4-768x990.jpeg 768w\" sizes=\"(max-width: 989px) 100vw, 989px\" \/><\/figure>\n\n\n\n<figure class=\"wp-block-image size-large\"><img loading=\"lazy\" decoding=\"async\" width=\"980\" height=\"1197\" data-id=\"587\" src=\"https:\/\/escuelasantalucia.edu.ar\/wp-content\/uploads\/2022\/10\/WhatsApp-Image-2022-10-25-at-19.33.39-5.jpeg\" alt=\"\" class=\"wp-image-587\" srcset=\"https:\/\/escuelasantalucia.edu.ar\/wp-content\/uploads\/2022\/10\/WhatsApp-Image-2022-10-25-at-19.33.39-5.jpeg 980w, https:\/\/escuelasantalucia.edu.ar\/wp-content\/uploads\/2022\/10\/WhatsApp-Image-2022-10-25-at-19.33.39-5-246x300.jpeg 246w, https:\/\/escuelasantalucia.edu.ar\/wp-content\/uploads\/2022\/10\/WhatsApp-Image-2022-10-25-at-19.33.39-5-838x1024.jpeg 838w, https:\/\/escuelasantalucia.edu.ar\/wp-content\/uploads\/2022\/10\/WhatsApp-Image-2022-10-25-at-19.33.39-5-768x938.jpeg 768w\" sizes=\"(max-width: 980px) 100vw, 980px\" \/><\/figure>\n<\/figure>\n\n\n\n<hr class=\"wp-block-separator has-alpha-channel-opacity\"\/>\n\n\n\n<h2 class=\"has-vivid-cyan-blue-color has-text-color wp-block-heading\">Entradas<\/h2>\n\n\n\n<div style=\"height:22px\" aria-hidden=\"true\" class=\"wp-block-spacer\"><\/div>\n\n\n\n<figure class=\"wp-block-image size-full\"><img decoding=\"async\" src=\"http:\/\/localhost:8080\/wp-content\/uploads\/2022\/04\/descarga.jpg\" alt=\"\" class=\"wp-image-121\"\/><\/figure>\n\n\n\n<div class=\"wp-block-columns is-layout-flex wp-container-core-columns-is-layout-2 wp-block-columns-is-layout-flex\">\n<div class=\"wp-block-column is-vertically-aligned-top is-layout-flow wp-block-column-is-layout-flow\" style=\"flex-basis:100%\">\n<div class=\"wp-block-columns is-layout-flex wp-container-core-columns-is-layout-1 wp-block-columns-is-layout-flex\">\n<div class=\"wp-block-column is-layout-flow wp-block-column-is-layout-flow\" style=\"flex-basis:100%\">\n<div class=\"wp-block-group\"><div class=\"wp-block-group__inner-container is-layout-flow wp-block-group-is-layout-flow\"><ul class=\"wp-block-latest-posts__list has-dates alignleft li wp-block-latest-posts\"><\/ul><\/div><\/div>\n<\/div>\n<\/div>\n<\/div>\n<\/div>\n","protected":false},"excerpt":{"rendered":"<p>EQUIPO DIRECTIVO Directora Fern\u00e1ndez Valeria Vicedirectora Sosa Erika Secretaria Mart\u00ednez Guida Vanesa Secretaria Mi\u00f1o Silvana Horarios de atenci\u00f3n equipo directivo: Lunes, martes, jueves y viernes de 8:10hs a 11hs y de 13:10hs a 16hs Horarios de atenci\u00f3n primaria: De lunes a viernes de 8:30hs a 11hs y de 14hs a 16hs Infraestructura Educar es una&hellip;<\/p>\n","protected":false},"author":1,"featured_media":0,"parent":0,"menu_order":0,"comment_status":"closed","ping_status":"closed","template":"","meta":{"footnotes":""},"class_list":["post-51","page","type-page","status-publish","hentry"],"_links":{"self":[{"href":"https:\/\/escuelasantalucia.edu.ar\/index.php\/wp-json\/wp\/v2\/pages\/51"}],"collection":[{"href":"https:\/\/escuelasantalucia.edu.ar\/index.php\/wp-json\/wp\/v2\/pages"}],"about":[{"href":"https:\/\/escuelasantalucia.edu.ar\/index.php\/wp-json\/wp\/v2\/types\/page"}],"author":[{"embeddable":true,"href":"https:\/\/escuelasantalucia.edu.ar\/index.php\/wp-json\/wp\/v2\/users\/1"}],"replies":[{"embeddable":true,"href":"https:\/\/escuelasantalucia.edu.ar\/index.php\/wp-json\/wp\/v2\/comments?post=51"}],"version-history":[{"count":87,"href":"https:\/\/escuelasantalucia.edu.ar\/index.php\/wp-json\/wp\/v2\/pages\/51\/revisions"}],"predecessor-version":[{"id":603,"href":"https:\/\/escuelasantalucia.edu.ar\/index.php\/wp-json\/wp\/v2\/pages\/51\/revisions\/603"}],"wp:attachment":[{"href":"https:\/\/escuelasantalucia.edu.ar\/index.php\/wp-json\/wp\/v2\/media?parent=51"}],"curies":[{"name":"wp","href":"https:\/\/api.w.org\/{rel}","templated":true}]}}